{"id":8,"date":"2023-01-02T10:05:22","date_gmt":"2023-01-02T10:05:22","guid":{"rendered":"https:\/\/besarkatuz.eus\/?page_id=8"},"modified":"2023-05-01T15:52:14","modified_gmt":"2023-05-01T15:52:14","slug":"acerca-de","status":"publish","type":"page","link":"https:\/\/besarkatuz.eus\/?page_id=8","title":{"rendered":"Laespada"},"content":{"rendered":"\n<div class=\"wp-block-cover alignfull\" style=\"min-height:300px\"><span aria-hidden=\"true\" class=\"wp-block-cover__background has-nv-site-bg-background-color has-background-dim-100 has-background-dim\"><\/span><div class=\"wp-block-cover__inner-container\">\n<div class=\"is-layout-flow wp-block-group\"><div class=\"wp-block-group__inner-container\">\n<h1 class=\"has-text-color\" style=\"color:#ff0000\"><em>TERESA LAESPADA<\/em><\/h1>\n<\/div><\/div>\n<\/div><\/div>\n\n\n\n<div class=\"wp-block-cover alignfull\" style=\"min-height:600px\"><span aria-hidden=\"true\" class=\"wp-block-cover__background has-nv-light-bg-background-color has-background-dim-100 has-background-dim\"><\/span><div class=\"wp-block-cover__inner-container\">\n<div class=\"is-layout-flow wp-block-group\"><div class=\"wp-block-group__inner-container\">\n<div style=\"height:80px\" aria-hidden=\"true\" class=\"wp-block-spacer\"><\/div>\n\n\n\n<div class=\"is-layout-flex wp-container-3 wp-block-columns are-vertically-aligned-center\">\n<div class=\"is-layout-flow wp-block-column\"><div class=\"wp-block-image\">\n<figure class=\"aligncenter size-large\"><img decoding=\"async\" loading=\"lazy\" width=\"1024\" height=\"650\" src=\"https:\/\/besarkatuz.eus\/wp-content\/uploads\/2023\/01\/FOTO-DE-TERESA-LAESPADA-1024x650.jpg\" alt=\"\" class=\"wp-image-82\" srcset=\"https:\/\/besarkatuz.eus\/wp-content\/uploads\/2023\/01\/FOTO-DE-TERESA-LAESPADA-1024x650.jpg 1024w, https:\/\/besarkatuz.eus\/wp-content\/uploads\/2023\/01\/FOTO-DE-TERESA-LAESPADA-300x190.jpg 300w, https:\/\/besarkatuz.eus\/wp-content\/uploads\/2023\/01\/FOTO-DE-TERESA-LAESPADA-768x487.jpg 768w, https:\/\/besarkatuz.eus\/wp-content\/uploads\/2023\/01\/FOTO-DE-TERESA-LAESPADA-1536x975.jpg 1536w, https:\/\/besarkatuz.eus\/wp-content\/uploads\/2023\/01\/FOTO-DE-TERESA-LAESPADA.jpg 2000w\" sizes=\"(max-width: 1024px) 100vw, 1024px\" \/><\/figure><\/div>\n\n\n<p><\/p>\n\n\n\n<h2 class=\"has-text-align-center has-neve-text-color-color has-text-color\"><em>Esta sociedad necesita un acuerdo entre j\u00f3venes y mayores, entre la energ\u00eda innovadora y la experiencia<\/em><\/h2>\n\n\n\n<p class=\"has-text-color has-medium-font-size\" style=\"color:#ff0000\">Teresa Laespada, candidata socialista a Diputada General de Bizkaia<\/p>\n\n\n\n<p class=\"has-neve-text-color-color has-text-color\">Teresa Laespada present\u00f3 en noviembre su candidatura a Diputada General de Bizkaia en la que propuso el pacto <strong>Besarkatuz<\/strong>, un encuentro intergeneracional para el impulso del Territorio Hist\u00f3rico. Junto a <em>La Puerta de los Honorables<\/em> y tras pasar por la escultura de <em>Las Sirgueras<\/em>, Laespada realiz\u00f3 su presentaci\u00f3n p\u00fablica como candidata, acompa\u00f1ada por el Portavoz del PSOE en el Congreso, Patxi L\u00f3pez, y por el Secretario General de los Socialistas Vizca\u00ednos, Mikel Torres.<\/p>\n\n\n\n<figure class=\"wp-block-embed is-type-video is-provider-youtube wp-block-embed-youtube wp-embed-aspect-16-9 wp-has-aspect-ratio\"><div class=\"wp-block-embed__wrapper\">\n<div class=\"nv-iframe-embed\"><iframe loading=\"lazy\" title=\"V\u00eddeo resumen. Presentaci\u00f3n Teresa Laespada, candidata a Diputada General de Bizkaia\" width=\"1200\" height=\"675\" src=\"https:\/\/www.youtube.com\/embed\/u1hvwOhZYOM?feature=oembed\" frameborder=\"0\" allow=\"accelerometer; autoplay; clipboard-write; encrypted-media; gyroscope; picture-in-picture; web-share\" allowfullscreen><\/iframe><\/div>\n<\/div><\/figure>\n\n\n\n<p><\/p>\n\n\n\n<p class=\"has-neve-text-color-color has-text-color\">Laespada defiende el \u201cenorme capital humano de todas las edades\u201d que tiene Bizkaia, cuyo potencial impulsar\u00e1 como Diputada General con \u201ctoda una serie de iniciativas que conecten el talento y la ilusi\u00f3n\u201d de la ciudadan\u00eda, \u201cconsiderando su edad, sea la que sea, no como un problema sino como un valor\u201d.<\/p>\n\n\n\n<p class=\"has-neve-text-color-color has-text-color\">\u201cUn acuerdo entre la experiencia y la energ\u00eda innovadora, entre el conocimiento y la curiosidad; porque ya est\u00e1 bien de enfrentar a las personas mayores con las j\u00f3venes, ya basta de considerar a los j\u00f3venes como un colectivo que tiene problemas para desarrollar un proyecto de vida y a nuestros mayores como un grupo en declive que solo demanda recursos para combatir la dependencia o la soledad\u201d, explica.<\/p>\n\n\n\n<p class=\"has-neve-text-color-color has-text-color\">A su entender, este acuerdo Besarkatuz es \u201cel <strong>abrazo de todas las generaciones<\/strong> que vivimos en Bizkaia\u201d, y colocar\u00e1 al Territorio Hist\u00f3rico \u201centre las sociedades m\u00e1s desarrolladas democr\u00e1ticamente\u201d, con la participaci\u00f3n de \u201cinstituciones, tercer sector, sociedad civil, empresas\u201d y todas aquellas personas que \u201cquieran sumarse\u201d.<\/p>\n\n\n\n<p class=\"has-neve-text-color-color has-text-color\"><strong>Laespada es Secretaria de Empleo y Pol\u00edticas Sociales de PSE-EE, adem\u00e1s de Diputada Foral de Empleo, Inclusi\u00f3n Social e Igualdad de Bizkaia. Asimismo, esta bilba\u00edna es doctora en Sociolog\u00eda y profesora en excedencia de la Universidad de Deusto.<\/strong><\/p>\n\n\n\n<p class=\"has-neve-text-color-color has-text-color\">La candidata record\u00f3 en su presentaci\u00f3n la lucha contra el terrorismo y la defensa de la democracia y la libertad del socialismo vasco, adem\u00e1s de su papel institucional a lo largo de su historia centenaria.<\/p>\n\n\n\n<p class=\"has-neve-text-color-color has-text-color\">En este sentido, defiende que el PSE-EE ha sabido dar la respuesta necesaria en los tiempos de crisis y ha reconocido que, actualmente, \u201cestamos viviendo tiempos de incertidumbre y muchas personas lo est\u00e1n pasando mal\u201d.<\/p>\n\n\n\n<p class=\"has-neve-text-color-color has-text-color\">\u201cLo s\u00e9, llevo casi ocho a\u00f1os en el gobierno de la Diputaci\u00f3n.&nbsp; Estoy pegada al terreno. Trabajando para el conjunto de la ciudadan\u00eda, pero poniendo la mirada en quien peor lo pasa.&nbsp; Ofreciendo certidumbre en momentos muy convulsos\u201d, remarca.<\/p>\n\n\n\n<p class=\"has-neve-text-color-color has-text-color\">Laespada destaca la capacidad de su equipo para gestionar labores institucionales de gobierno, desde las convicciones pol\u00edticas porque el Estado de Derecho es \u201cel mejor sistema para aportar oportunidades\u201d, para estar \u201cal lado de la gente, para dar las respuestas que necesitan sus problemas, para cambiar las cosas que no nos gustan\u201d. En este sentido, ha recordado la respuesta institucional que ha protagonizado en momentos cr\u00edticos como el vivido con la crisis del coronavirus.<\/p>\n\n\n\n<p class=\"has-neve-text-color-color has-text-color\">\u201cQuiero <strong>liderar Bizkaia<\/strong> porque sabemos trabajar duro y sabemos que tenemos que volver a convertirnos en un referente en progreso social y econ\u00f3mico, incorporar el avance tecnol\u00f3gico y afrontar el reto demogr\u00e1fico\u201d, promete.<\/p>\n\n\n\n<p class=\"has-neve-text-color-color has-text-color\">Por otro lado, tambi\u00e9n denuncia la cuesti\u00f3n de la igualdad de mujeres y hombres, las consecuencias del machismo y muestra su solidaridad con las mujeres v\u00edctimas de esta violencia.<\/p>\n\n\n\n<p class=\"has-neve-text-color-color has-text-color\">\u201cY yo quiero una sociedad libre de violencia. De todo tipo de violencias. Donde las mujeres puedan vivir sin miedo, con igualdad de oportunidades, porque la igualdad nos hace m\u00e1s libres a mujeres y a hombres\u201d, subraya.<\/p>\n<\/div>\n<\/div>\n\n\n\n<div style=\"height:40px\" aria-hidden=\"true\" class=\"wp-block-spacer\"><\/div>\n<\/div><\/div>\n\n\n\n<div style=\"height:100px\" aria-hidden=\"true\" class=\"wp-block-spacer\"><\/div>\n<\/div><\/div>\n","protected":false},"excerpt":{"rendered":"","protected":false},"author":2,"featured_media":0,"parent":0,"menu_order":0,"comment_status":"closed","ping_status":"closed","template":"","meta":{"neve_meta_sidebar":"","neve_meta_container":"","neve_meta_enable_content_width":"on","neve_meta_content_width":100,"neve_meta_title_alignment":"","neve_meta_author_avatar":"","neve_post_elements_order":"","neve_meta_disable_header":"","neve_meta_disable_footer":"","neve_meta_disable_title":"on"},"_links":{"self":[{"href":"https:\/\/besarkatuz.eus\/index.php?rest_route=\/wp\/v2\/pages\/8"}],"collection":[{"href":"https:\/\/besarkatuz.eus\/index.php?rest_route=\/wp\/v2\/pages"}],"about":[{"href":"https:\/\/besarkatuz.eus\/index.php?rest_route=\/wp\/v2\/types\/page"}],"author":[{"embeddable":true,"href":"https:\/\/besarkatuz.eus\/index.php?rest_route=\/wp\/v2\/users\/2"}],"replies":[{"embeddable":true,"href":"https:\/\/besarkatuz.eus\/index.php?rest_route=%2Fwp%2Fv2%2Fcomments&post=8"}],"version-history":[{"count":17,"href":"https:\/\/besarkatuz.eus\/index.php?rest_route=\/wp\/v2\/pages\/8\/revisions"}],"predecessor-version":[{"id":229,"href":"https:\/\/besarkatuz.eus\/index.php?rest_route=\/wp\/v2\/pages\/8\/revisions\/229"}],"wp:attachment":[{"href":"https:\/\/besarkatuz.eus\/index.php?rest_route=%2Fwp%2Fv2%2Fmedia&parent=8"}],"curies":[{"name":"wp","href":"https:\/\/api.w.org\/{rel}","templated":true}]}}