{"id":368,"date":"2023-05-18T08:03:00","date_gmt":"2023-05-18T08:03:00","guid":{"rendered":"https:\/\/besarkatuz.eus\/?page_id=368"},"modified":"2023-05-18T14:37:48","modified_gmt":"2023-05-18T14:37:48","slug":"besarkatuz-vi","status":"publish","type":"page","link":"https:\/\/besarkatuz.eus\/?page_id=368","title":{"rendered":"BESARKATUZ VI"},"content":{"rendered":"\n<p><strong>Bilbao acogi\u00f3 el pasado 8 de mayo un nuevo encuentro Besarkatuz, esta vez con el foco puesto en la igualdad.<\/strong><br><strong>Maiatzaren 8an ospatu zen Bilbon Besarkatuz azken ihardunaldia, Berdintasuna gai nagusia izanik.<\/strong><\/p>\n\n\n\n<figure class=\"wp-block-image alignfull size-large\"><img decoding=\"async\" loading=\"lazy\" width=\"1024\" height=\"576\" src=\"https:\/\/besarkatuz.eus\/wp-content\/uploads\/2023\/05\/WhatsApp-Image-2023-05-18-at-10.00.34-1024x576.jpeg\" alt=\"\" class=\"wp-image-369\" srcset=\"https:\/\/besarkatuz.eus\/wp-content\/uploads\/2023\/05\/WhatsApp-Image-2023-05-18-at-10.00.34-1024x576.jpeg 1024w, https:\/\/besarkatuz.eus\/wp-content\/uploads\/2023\/05\/WhatsApp-Image-2023-05-18-at-10.00.34-300x169.jpeg 300w, https:\/\/besarkatuz.eus\/wp-content\/uploads\/2023\/05\/WhatsApp-Image-2023-05-18-at-10.00.34-768x432.jpeg 768w, https:\/\/besarkatuz.eus\/wp-content\/uploads\/2023\/05\/WhatsApp-Image-2023-05-18-at-10.00.34-1536x864.jpeg 1536w, https:\/\/besarkatuz.eus\/wp-content\/uploads\/2023\/05\/WhatsApp-Image-2023-05-18-at-10.00.34.jpeg 1600w\" sizes=\"(max-width: 1024px) 100vw, 1024px\" \/><\/figure>\n\n\n\n<div style=\"height:43px\" aria-hidden=\"true\" class=\"wp-block-spacer\"><\/div>\n\n\n\n<h2>Relator\u00eda gr\u00e1fica<\/h2>\n\n\n\n<p>Dibujos de Josune Urrutia (<a rel=\"noreferrer noopener\" href=\"https:\/\/josunene.com\/\" target=\"_blank\">https:\/\/josunene.com\/<\/a>).<\/p>\n\n\n\n<figure class=\"wp-block-image size-large\"><img decoding=\"async\" loading=\"lazy\" width=\"1024\" height=\"724\" src=\"https:\/\/besarkatuz.eus\/wp-content\/uploads\/2023\/05\/6-Besarkatuz_01-1024x724.jpg\" alt=\"\" class=\"wp-image-378\" srcset=\"https:\/\/besarkatuz.eus\/wp-content\/uploads\/2023\/05\/6-Besarkatuz_01-1024x724.jpg 1024w, https:\/\/besarkatuz.eus\/wp-content\/uploads\/2023\/05\/6-Besarkatuz_01-300x212.jpg 300w, https:\/\/besarkatuz.eus\/wp-content\/uploads\/2023\/05\/6-Besarkatuz_01-768x543.jpg 768w, https:\/\/besarkatuz.eus\/wp-content\/uploads\/2023\/05\/6-Besarkatuz_01-1536x1086.jpg 1536w, https:\/\/besarkatuz.eus\/wp-content\/uploads\/2023\/05\/6-Besarkatuz_01-2048x1448.jpg 2048w\" sizes=\"(max-width: 1024px) 100vw, 1024px\" \/><\/figure>\n\n\n\n<figure class=\"wp-block-image size-large\"><img decoding=\"async\" loading=\"lazy\" width=\"1024\" height=\"724\" src=\"https:\/\/besarkatuz.eus\/wp-content\/uploads\/2023\/05\/6-Besarkatuz_02-1024x724.jpg\" alt=\"\" class=\"wp-image-379\" srcset=\"https:\/\/besarkatuz.eus\/wp-content\/uploads\/2023\/05\/6-Besarkatuz_02-1024x724.jpg 1024w, https:\/\/besarkatuz.eus\/wp-content\/uploads\/2023\/05\/6-Besarkatuz_02-300x212.jpg 300w, https:\/\/besarkatuz.eus\/wp-content\/uploads\/2023\/05\/6-Besarkatuz_02-768x543.jpg 768w, https:\/\/besarkatuz.eus\/wp-content\/uploads\/2023\/05\/6-Besarkatuz_02-1536x1086.jpg 1536w, https:\/\/besarkatuz.eus\/wp-content\/uploads\/2023\/05\/6-Besarkatuz_02-2048x1448.jpg 2048w\" sizes=\"(max-width: 1024px) 100vw, 1024px\" \/><\/figure>\n\n\n\n<figure class=\"wp-block-image size-large\"><img decoding=\"async\" loading=\"lazy\" width=\"1024\" height=\"724\" src=\"https:\/\/besarkatuz.eus\/wp-content\/uploads\/2023\/05\/6-Besarkatuz_03-1024x724.jpg\" alt=\"\" class=\"wp-image-381\" srcset=\"https:\/\/besarkatuz.eus\/wp-content\/uploads\/2023\/05\/6-Besarkatuz_03-1024x724.jpg 1024w, https:\/\/besarkatuz.eus\/wp-content\/uploads\/2023\/05\/6-Besarkatuz_03-300x212.jpg 300w, https:\/\/besarkatuz.eus\/wp-content\/uploads\/2023\/05\/6-Besarkatuz_03-768x543.jpg 768w, https:\/\/besarkatuz.eus\/wp-content\/uploads\/2023\/05\/6-Besarkatuz_03-1536x1086.jpg 1536w, https:\/\/besarkatuz.eus\/wp-content\/uploads\/2023\/05\/6-Besarkatuz_03-2048x1448.jpg 2048w\" sizes=\"(max-width: 1024px) 100vw, 1024px\" \/><\/figure>\n\n\n\n<figure class=\"wp-block-image size-large\"><img decoding=\"async\" loading=\"lazy\" width=\"1024\" height=\"724\" src=\"https:\/\/besarkatuz.eus\/wp-content\/uploads\/2023\/05\/6-Besarkatuz_04-1024x724.jpg\" alt=\"\" class=\"wp-image-382\" srcset=\"https:\/\/besarkatuz.eus\/wp-content\/uploads\/2023\/05\/6-Besarkatuz_04-1024x724.jpg 1024w, https:\/\/besarkatuz.eus\/wp-content\/uploads\/2023\/05\/6-Besarkatuz_04-300x212.jpg 300w, https:\/\/besarkatuz.eus\/wp-content\/uploads\/2023\/05\/6-Besarkatuz_04-768x543.jpg 768w, https:\/\/besarkatuz.eus\/wp-content\/uploads\/2023\/05\/6-Besarkatuz_04-1536x1086.jpg 1536w, https:\/\/besarkatuz.eus\/wp-content\/uploads\/2023\/05\/6-Besarkatuz_04-2048x1448.jpg 2048w\" sizes=\"(max-width: 1024px) 100vw, 1024px\" \/><\/figure>\n\n\n\n<figure class=\"wp-block-image size-large\"><img decoding=\"async\" loading=\"lazy\" width=\"1024\" height=\"724\" src=\"https:\/\/besarkatuz.eus\/wp-content\/uploads\/2023\/05\/6-Besarkatuz_05-1024x724.jpg\" alt=\"\" class=\"wp-image-383\" srcset=\"https:\/\/besarkatuz.eus\/wp-content\/uploads\/2023\/05\/6-Besarkatuz_05-1024x724.jpg 1024w, https:\/\/besarkatuz.eus\/wp-content\/uploads\/2023\/05\/6-Besarkatuz_05-300x212.jpg 300w, https:\/\/besarkatuz.eus\/wp-content\/uploads\/2023\/05\/6-Besarkatuz_05-768x543.jpg 768w, https:\/\/besarkatuz.eus\/wp-content\/uploads\/2023\/05\/6-Besarkatuz_05-1536x1086.jpg 1536w, https:\/\/besarkatuz.eus\/wp-content\/uploads\/2023\/05\/6-Besarkatuz_05-2048x1448.jpg 2048w\" sizes=\"(max-width: 1024px) 100vw, 1024px\" \/><\/figure>\n\n\n\n<figure class=\"wp-block-image size-large\"><img decoding=\"async\" loading=\"lazy\" width=\"1024\" height=\"724\" src=\"https:\/\/besarkatuz.eus\/wp-content\/uploads\/2023\/05\/6-Besarkatuz_06-1024x724.jpg\" alt=\"\" class=\"wp-image-384\" srcset=\"https:\/\/besarkatuz.eus\/wp-content\/uploads\/2023\/05\/6-Besarkatuz_06-1024x724.jpg 1024w, https:\/\/besarkatuz.eus\/wp-content\/uploads\/2023\/05\/6-Besarkatuz_06-300x212.jpg 300w, https:\/\/besarkatuz.eus\/wp-content\/uploads\/2023\/05\/6-Besarkatuz_06-768x543.jpg 768w, https:\/\/besarkatuz.eus\/wp-content\/uploads\/2023\/05\/6-Besarkatuz_06-1536x1086.jpg 1536w, https:\/\/besarkatuz.eus\/wp-content\/uploads\/2023\/05\/6-Besarkatuz_06-2048x1448.jpg 2048w\" sizes=\"(max-width: 1024px) 100vw, 1024px\" \/><\/figure>\n\n\n\n<figure class=\"wp-block-image size-large\"><img decoding=\"async\" loading=\"lazy\" width=\"1024\" height=\"724\" src=\"https:\/\/besarkatuz.eus\/wp-content\/uploads\/2023\/05\/6-Besarkatuz_07-1024x724.jpg\" alt=\"\" class=\"wp-image-385\" srcset=\"https:\/\/besarkatuz.eus\/wp-content\/uploads\/2023\/05\/6-Besarkatuz_07-1024x724.jpg 1024w, https:\/\/besarkatuz.eus\/wp-content\/uploads\/2023\/05\/6-Besarkatuz_07-300x212.jpg 300w, https:\/\/besarkatuz.eus\/wp-content\/uploads\/2023\/05\/6-Besarkatuz_07-768x543.jpg 768w, https:\/\/besarkatuz.eus\/wp-content\/uploads\/2023\/05\/6-Besarkatuz_07-1536x1086.jpg 1536w, https:\/\/besarkatuz.eus\/wp-content\/uploads\/2023\/05\/6-Besarkatuz_07-2048x1448.jpg 2048w\" sizes=\"(max-width: 1024px) 100vw, 1024px\" \/><\/figure>\n\n\n\n<figure class=\"wp-block-image size-large\"><img decoding=\"async\" loading=\"lazy\" width=\"1024\" height=\"724\" src=\"https:\/\/besarkatuz.eus\/wp-content\/uploads\/2023\/05\/6-Besarkatuz_08-1024x724.jpg\" alt=\"\" class=\"wp-image-386\" srcset=\"https:\/\/besarkatuz.eus\/wp-content\/uploads\/2023\/05\/6-Besarkatuz_08-1024x724.jpg 1024w, https:\/\/besarkatuz.eus\/wp-content\/uploads\/2023\/05\/6-Besarkatuz_08-300x212.jpg 300w, https:\/\/besarkatuz.eus\/wp-content\/uploads\/2023\/05\/6-Besarkatuz_08-768x543.jpg 768w, https:\/\/besarkatuz.eus\/wp-content\/uploads\/2023\/05\/6-Besarkatuz_08-1536x1086.jpg 1536w, https:\/\/besarkatuz.eus\/wp-content\/uploads\/2023\/05\/6-Besarkatuz_08-2048x1448.jpg 2048w\" sizes=\"(max-width: 1024px) 100vw, 1024px\" \/><\/figure>\n\n\n\n<figure class=\"wp-block-image size-large\"><img decoding=\"async\" loading=\"lazy\" width=\"1024\" height=\"724\" src=\"https:\/\/besarkatuz.eus\/wp-content\/uploads\/2023\/05\/6-Besarkatuz_09-1024x724.jpg\" alt=\"\" class=\"wp-image-387\" srcset=\"https:\/\/besarkatuz.eus\/wp-content\/uploads\/2023\/05\/6-Besarkatuz_09-1024x724.jpg 1024w, https:\/\/besarkatuz.eus\/wp-content\/uploads\/2023\/05\/6-Besarkatuz_09-300x212.jpg 300w, https:\/\/besarkatuz.eus\/wp-content\/uploads\/2023\/05\/6-Besarkatuz_09-768x543.jpg 768w, https:\/\/besarkatuz.eus\/wp-content\/uploads\/2023\/05\/6-Besarkatuz_09-1536x1086.jpg 1536w, https:\/\/besarkatuz.eus\/wp-content\/uploads\/2023\/05\/6-Besarkatuz_09-2048x1448.jpg 2048w\" sizes=\"(max-width: 1024px) 100vw, 1024px\" \/><\/figure>\n\n\n\n<figure class=\"wp-block-image size-large\"><img decoding=\"async\" loading=\"lazy\" width=\"1024\" height=\"724\" src=\"https:\/\/besarkatuz.eus\/wp-content\/uploads\/2023\/05\/6-Besarkatuz_10-1024x724.jpg\" alt=\"\" class=\"wp-image-388\" srcset=\"https:\/\/besarkatuz.eus\/wp-content\/uploads\/2023\/05\/6-Besarkatuz_10-1024x724.jpg 1024w, https:\/\/besarkatuz.eus\/wp-content\/uploads\/2023\/05\/6-Besarkatuz_10-300x212.jpg 300w, https:\/\/besarkatuz.eus\/wp-content\/uploads\/2023\/05\/6-Besarkatuz_10-768x543.jpg 768w, https:\/\/besarkatuz.eus\/wp-content\/uploads\/2023\/05\/6-Besarkatuz_10-1536x1086.jpg 1536w, https:\/\/besarkatuz.eus\/wp-content\/uploads\/2023\/05\/6-Besarkatuz_10-2048x1448.jpg 2048w\" sizes=\"(max-width: 1024px) 100vw, 1024px\" \/><\/figure>\n\n\n\n<p>La candidata a diputada general, <strong>Teresa Laespada<\/strong>, centr\u00f3 su presentaci\u00f3n en la capacidad de mover las cosas que tiene el feminismo institucional que ella representa. Destac\u00f3 que toda la presupuestaci\u00f3n tiene ya mirada de g\u00e9nero y por eso se puede saber a d\u00f3nde va cada euro de los presupuestos. Aun as\u00ed reconoci\u00f3 que las instituciones van mucho m\u00e1s lentas que el feminismo de calle. A este respecto, subray\u00f3 la importancia de asentar cada paso que se da para impedir que el patriarcado se rearme y as\u00ed garantizar que no hay vuelta atr\u00e1s.<\/p>\n\n\n\n<p>Besarkatuz es un pacto intergeneracional. Estamos ante un cambio demogr\u00e1fico claro, la mitad de la poblaci\u00f3n que est\u00e1 cotizando se jubilar\u00e1 en 10 a\u00f1os y vamos a vivir una entrada importante de la poblaci\u00f3n migrante. Eso significa un escenario social diferente que afecta de lleno al \u00e1rea de Igualdad. \u00bfC\u00f3mo vamos a configurar una sociedad justa, feminista, que respete los derechos humanos? Jubilarse no significa desengancharse de la sociedad. <\/p>\n\n\n\n<p>Comparti\u00f3 apertura <strong>Trinidad Vicente<\/strong> (Investigaci\u00f3n de G\u00e9nero y Migraci\u00f3n de la Universidad de Deusto) quien hizo hincapi\u00e9 en el problema de la feminizaci\u00f3n de la pobreza. Los \u00a0datos revelan que la renta personal media en Euskadi es de 21.853 \u20ac, pero en el caso de los hombres sube hasta los 26.000 \u20ac, mientras que para las mujeres es casi 10.000 \u20ac inferior. Esto demuestra la necesidad de una reflexi\u00f3n para analizar las causas y tambi\u00e9n para exigir respuestas desde las instituciones.<\/p>\n\n\n\n<p><strong>Teresa Laespada<\/strong> Ahaldungaiak berak ordezkatzen duen feminismo instituzionalak gauzak mugitzeko daukan gaitasunean oinarritu zuen bere aurkezpena. Hala ere, erakundeak kaleko feminismoa baino askoz motelago doazela aitortu zuen. Horri dagokionez, patriarkatua berrarmatzea eragozteko eta, horrela, atzera bueltarik ez dagoela bermatzeko egiten den urrats bakoitza finkatzearen garrantzia azpimarratu zuen.<br>Besarkatuz belaunaldien arteko ituna da. Aldaketa demografiko argi baten aurrean gaude, biztanleria migratzailearen sarrera garrantzitsua biziko dugu eta horrek bete-betean eragiten dio Berdintasun arloari. Nola eratuko dugu giza eskubideak errespetatuko dituen gizarte justua, feminista?<\/p>\n\n\n\n<p>Laespadarekin batera, Deustuko Unibertsitateko Genero eta Migrazio Departamentuan lan egiten duen <strong>Trinidad Vicente<\/strong> egon zen. Vicentek pobreziaren feminizazioaren arazoa azpimarratu zuen. Datuen arabera, Euskadiko batez besteko errenta pertsonala 21.853 \u20ac-koa da (26.000 \u20ac-koa gizonen kasuan eta emakumeen kasuan, berriz, ia 10.000 \u20ac gutxiagokoa). Horrek erakusten du hausnarketa bat egin behar dela arrazoiak aztertu eta erakundeei erantzunak eskatzeko.<\/p>\n\n\n\n<p>Abierto ya el debate, las opiniones de las participantes giraron en torno a diferentes aspectos.<\/p>\n\n\n\n<p><strong>Cuidados y desigualdad<\/strong><br>El cuidado de las personas dependientes sigue recayendo en las mujeres y esto influye en el mercado de trabajo, as\u00ed como en un empobrecimiento personal. Si en la unidad familiar hay un var\u00f3n sigue entrando dinero, pero ellas contin\u00faan sin ser independientes y su renta disminuye. Los hombres no han asumido aun esta situaci\u00f3n.<br>El factor laboral es un punto fundamental. Resulta imprescindible que las mujeres puedan acceder al trabajo en igualdad de condiciones porque siguen estando infrarrepresentadas en puestos de calidad. Para ello son necesarias las campa\u00f1as de sensibilizaci\u00f3n que incidan sobre la corresponsabilidad del trabajo dom\u00e9stico.<br>Tambi\u00e9n hay que revisar el tema legal, ya que de ah\u00ed viene una parte importante de la pobreza, por ejemplo, en casos de separaci\u00f3n. Necesitamos un cambio de valores.<br>La pandemia dej\u00f3 claro que el sistema se sostiene por la parte de cuidados realizada por las mujeres y ellas son las que se han visto m\u00e1s afectadas. Ah\u00ed han aflorado esas mujeres que no tienen ning\u00fan apoyo y ni siquiera est\u00e1n dadas de alta.<br>El pacto requiere incluir tres \u00e1mbitos:<\/p>\n\n\n\n<ul>\n<li>P\u00fablico<\/li>\n\n\n\n<li>Organizaciones<\/li>\n\n\n\n<li>Sociedad civil<\/li>\n<\/ul>\n\n\n\n<p>Adem\u00e1s, es necesario hacer un trabajo espec\u00edfico con hombres y abrazar las dificultades que ellos tienen. Pero esto tambi\u00e9n genera debate porque, de alguna manera, pone de nuevo el foco en que son las mujeres quienes tienen que ocuparse de las dificultades de los hombres, como si no tuvieran ya suficiente con todo lo que deben asumir solas.<br>Lo que parece claro es que no se avanzar\u00e1 sin pol\u00edticas p\u00fablicas que apoyen. Establecer un servicio de guarder\u00edas p\u00fablico fue lo que incorpor\u00f3 a las mujeres al \u00e1mbito productivo.<\/p>\n\n\n\n<p><strong>Laespada <\/strong>intervino para puntualizar en la necesidad de aterrizar cu\u00e1l es el siguiente paso para que las medidas de conciliaci\u00f3n sean efectivas. Los hombres han dejado que las mujeres asumieran todos los cuidados, m\u00e1s el trabajo fuera de casa. En todo esto hay una parte p\u00fablica, pero las guarder\u00edas no cubren el 100%. Si el ni\u00f1o est\u00e1 enfermo es normalmente la mujer la que deja el trabajo. Necesitamos avanzar porque los ni\u00f1os no pueden estar 12h en una guarder\u00eda, pero los padres y madres s\u00ed pueden turnarse.<\/p>\n\n\n\n<p>Debatea zabalzu zen honen ostean.<\/p>\n\n\n\n<p><strong>Zaintza eta desberdintasuna<\/strong><br>Mendekotasuna duten pertsonen zaintza emakumeen esku dago oraindik ere, eta horrek eragina du lan-merkatuan, baita pobretze pertsonalean ere. Emakumeak ez dira independente eta errenta jaitsi egiten da. Gizonek oraindik ez dute egoera hori onartu.<br>Ezinbestekoa da emakumeak lan baldintza berdinak lortu ahal izatea, kalitatezko lanpostuetan ordezkaritza txikia izaten jarraitzen dutelako. Horretarako, etxeko lanen erantzunkidetasunean eragiten duten sentsibilizazio kanpainak egin behar dira.<br>Legea ere berrikusi behar da, pobreziaren zati garrantzitsu bat hortik datorrelako, banantze kasuetan, adibidez.<br>Pandemiak argi utzi zuen emakumeek egindako zainketak sistemari eusten diola, baina beraiek izan dira kaltetuenak. Hor azaleratu ziren, hain zuzen ere, babesik ez zuten emakume horiek.<br>Itunak hiru eremu batu behar ditu:<\/p>\n\n\n\n<ul>\n<li>Publikoa<\/li>\n\n\n\n<li>Erakundeak<\/li>\n\n\n\n<li>Gizarte zibila <\/li>\n<\/ul>\n\n\n\n<p>Ezin da aurrera egin babesten duen politika publikorik gabe. Haurtzaindegi publikoen zerbitzu bat ezartzea izan zen emakumeak produkzio-eremuan sartu zituena.<\/p>\n\n\n\n<p><strong>Laespada<\/strong>k hitza hartu zuen, adiskidetze-neurriak eraginkorrak izateko hurrengo urratsa zein den zehazteko eskatuz. Ardura publiko bat badago, baina haurtzaindegiek ez dute % 100 estaltzen. Haurra gaixorik dagoenean, emakumeak uzten du lana normalean. Aurrera egin behar dugu, haurrak ezin direlako 12 orduz haurtzaindegi batean egon egunero, baina gurasoak txandaka ibil daitezke.<\/p>\n\n\n\n<p><strong>Causas estructurales<\/strong><br>La feminizaci\u00f3n de la pobreza es el resultado de todas estas situaciones.<br>Desde el punto de vista pol\u00edtico hay poca representaci\u00f3n femenina. Si hablamos de empleo, la tasa de actividad en mayores de 16 a\u00f1os es de 56% en hombres y 52% en mujeres. La distancia porcentual es peque\u00f1a, pero hay grandes diferencias en cuanto a los sectores (industria: 8 hombres por cada 2 mujeres), salarios y contratos (doble de contratos parciales en mujeres respecto a los hombres). Tenemos techos de cristal y suelos pegajosos que nos impiden salir de donde estamos.<br>Los avances tienen que ver con un cambio de mentalidad y del planteamiento de los roles que los g\u00e9neros tienen asignados. El magisterio sigue siendo visto como una profesi\u00f3n femenina. La medicina sigue estando relacionada con cuidados (mayor\u00eda de mujeres en la universidad).<br>Las condiciones y horarios laborales actuales son duros. Las empresas tienen que asumir horarios para que ambos, hombres y mujeres, puedan convivir con los ni\u00f1os. Quiz\u00e1 sea necesario ayudar desde el \u00e1mbito legislativo, estableciendo por ejemplo m\u00e1s posibilidades de conciliaci\u00f3n y horarios en los que no se puedan mandar emails a las y los trabajadores. Es un hecho que las chicas tienden a las oposiciones para poder tener horarios que les permitan conciliar. Pesa tanto lo aprendido, que se ve en todo lo que hacemos.<br>Retribuir el trabajo reproductivo es imposible, pero hay que repartirlo. No necesitamos tantas horas de trabajo para sobrevivir como comunidad. Se podr\u00eda priorizar en la contrataci\u00f3n p\u00fablica a empresas que reduzcan jornada, fomentar deducciones fiscales para quienes establezcan derechos colectivos. Si una mujer se coge una excedencia, que el hombre tenga que hacerlo tambi\u00e9n. Se puede premiar a las empresas que lo hagan, a una con los sindicatos.<\/p>\n\n\n\n<p><strong>Egitura-arrazoiak<\/strong><br>Egoera hori guztien emaitza pobreziaren feminizazioa da.<br>Politika arloan emakumeen ordezkaritza txikia da. Enpleguari dagokionez, 16 urtetik gorakoen jarduera-tasa % 56 da gizonen kasuan eta % 52 emakumeen kasuan. Ehunekoen arteko aldea txikia da, baina alde handiak daude sektoreei, soldatei eta kontratuei dagokienez. Emakumeak dauden lekutik irtetea eragozten dituzten kristalezko sabaiak eta zoru itsaskorrak daude.<br>Egungo lan baldintzak eta ordutegiak gogorrak dira. Enpresek ordutegiak hartu behar dituzte beren gain, biak, gizon zein emakume, haurrekin bizi ahal izateko. Agian beharrezkoa izango da legegintza-esparrutik laguntzea.<br>Ugalketa-lana ordaintzea ezinezkoa da, baina ez dugu hainbeste lanordu behar komunitate gisa bizirauteko. Kontratazio publikoan lehentasuna eman dakieke lanaldia murrizten duten enpresei, eta zerga-kenkariak sustatu eskubide kolektiboak ezartzen dituztenentzat.<\/p>\n\n\n\n<p><strong>Papel de los hombres<\/strong><br>Estamos volviendo a modelos educativos en los que los m\u00e1s j\u00f3venes aprenden otra vez comportamientos machistas.<br>El hombre se siente en peligro, siente que el poder ha pasado a la mujer y se est\u00e1 agarrando a un control que ten\u00eda y no quiere perder.<br>En la cultura y educaci\u00f3n que ellos han recibido, ha habido dos grandes disfunciones:<\/p>\n\n\n\n<ul>\n<li>p\u00e9rdida de la paternidad como algo importante. No la han ejercido nunca de una manera completa<\/li>\n\n\n\n<li>incapacidad emocional de compartir, hablar de lo que sienten, vivir las cosas desde un plano claro y no desde lo que pretenden hacer ver que son<\/li>\n<\/ul>\n\n\n\n<p>Hay que trabajar el plano emocional de los hombres y desde ah\u00ed ser\u00e1 m\u00e1s f\u00e1cil entenderse en otros aspectos.\u00a0 En las mujeres, sin embargo, la situaci\u00f3n es justamente la contraria. Cuando est\u00e1n en puestos de direcci\u00f3n tienen que reprimir las emociones.<br>Esto pone de manifiesto que falta much\u00edsima educaci\u00f3n emocional, talleres sobre inclusi\u00f3n, feminismo, ense\u00f1ar el trabajo de las asociaciones en colegios, institutos, universidades\u2026 estos encuentros deber\u00edan abrirse a la sociedad, son muy ricos.<br>Hay que capacitar a los hombres para la vida, pero mientras tanto las mujeres se tienen que salvar unas a otras y necesitan apoyo institucional.<br>Hace falta mucha sensibilizaci\u00f3n, mucha realidad. Parece que hablar de feminismo es feminazi\u2026 muchas mujeres creen que esto no tiene nada que ver con sus vidas. No relacionan sus males con el patriarcado, no lo identifican con su d\u00eda a d\u00eda. Desde la instituci\u00f3n p\u00fablica tiene que haber un espacio donde las mujeres, muchas y solas, puedan compartir este malestar y aprovechando eso, hablar de feminismo.<br>A este respecto, la candidata se mostr\u00f3 preocupada porque tenemos los \u00edndices m\u00e1s altos de violencia en estos momentos. En pandemia hab\u00eda 24 plazas de urgencia para atenci\u00f3n a mujeres v\u00edctimas de violencia machista, ahora son 32 y se siguen poniendo cada vez m\u00e1s medios. Es cierto que hay una mayor visibilizaci\u00f3n, pero hay que admitir que los \u00edndices han crecido tambi\u00e9n.<\/p>\n\n\n\n<p><strong>Gizonen papera<\/strong><br>Gizonak arriskuan sentitzen dira, boterea emakumeei pasatu zaiela sentitzen dute eta ez dute kontrola galdu nahi.<br>Haiek jasotako kulturan eta hezkuntzan, bi disfuntzio nagusi izan dira:<\/p>\n\n\n\n<ul>\n<li>Aitatasuna ez dute inoiz osorik gauzatu<\/li>\n\n\n\n<li>Sentitzen dutenaz hitz egiteko ezintasun emozionala<\/li>\n<\/ul>\n\n\n\n<p>Gizonen alderdi emozionala landu behar da. Emakumeen kasuan, ordea, egoera kontrakoa da. Zuzendaritza postuetan daudenean emozioak erreprimitu behar dituzte.<br>Horrek agerian uzten du hezkuntza emozional asko falta dela, inklusioari eta feminismoari buruzko tailerrak. Ikastetxe, institutu eta unibertsitateetan elkarteen lana irakatsi behar dugu.<br>Badirudi feminismoaz hitz egitea feminazia dela. Emakume askok ez dituzte beren gaitzak patriarkatuarekin lotzen, ez dute egunerokotasunarekin identifikatzen. Erakunde publikotik gune bat egon behar da, non emakumeek ondoez hori partekatu ahal izango duten eta, hori aprobetxatuz, feminismoari buruz hitz egin.<br>Horri dagokionez, hautagaia kezkatuta agertu zen. Pandemian, larrialdiko 24 plaza zeuden indarkeria matxistaren biktima diren emakumeentzako; orain, 32 dira, eta gero eta baliabide gehiago jartzen ari dira. Egia da ikusgarritasun handiagoa dagoela, baina indizeak ere hazi egin direla onartu behar da.<\/p>\n\n\n\n<p><strong>Pornograf\u00eda<\/strong><br>Las relaciones que tienen los j\u00f3venes a edades tempranas es muy t\u00f3xica, la pornograf\u00eda es un tema que hay que tratar urgentemente. Falta educaci\u00f3n afectivo-sexual. Tienen acceso a todo y no est\u00e1n preparados. Es fundamental que sean conscientes de los peligros que hay detr\u00e1s de esto. La educaci\u00f3n que reciben a partir de los 8-10 a\u00f1os es como meter el Caballo de Troya en las aulas, porque apela a la diversidad y a pr\u00e1cticas sexuales libres con consentimiento.<br>Cuidado con mezclar igualdad y diversidad. Es un error. Las herramientas para cada una de las cosas son diferentes. Si queremos llegar a la igualdad, la soluci\u00f3n no es meter en la charla a un hombre con diversidad. El ni\u00f1o se puede sentir como quiera, pero es una locura que no sepamos diferenciar las emociones de las normas. Estamos mezclando todo. Feminismo no es diversidad, son cosas distintas.<br>Hay que poner por delante la agenda feminista, que no tiene nada que ver con diversidad. Si atendemos esa agenda, solucionaremos muchos problemas posteriores.<br>El sistema educativo tiene que plantearse si quiere grandes profesionales o grandes personas. La parte m\u00e1s importante, que son los valores, es hoy en d\u00eda complementaria.<br>Tambi\u00e9n deber\u00edamos reflexionar sobre lo que hacemos desde las familias. Hay cosas que son dif\u00edciles de parar, como la publicidad a la que est\u00e1n expuestos. No se detecta c\u00f3mo eso cosifica a las mujeres. Quiz\u00e1 hayamos perdido la posibilidad de educarlos de manera sana. Violaciones, p\u00e9rdida de virginidad con 10 a\u00f1os, individualismo, palizas\u2026 tenemos un problema muy grave.<br>La buena noticia es que a padres y madres que nunca se han interesado por otros temas, les enganchas diciendo que su hijo ve pornograf\u00eda. Quienes tienen chicos no quieren que sean violadores, ni machistas.<br>La cultura es clave, ligada a la educaci\u00f3n. Es una herramienta que falta siempre en las agendas pol\u00edticas con propuestas concretas y, sin embargo, puede ser el motor de cambio social por su valor para transmisi\u00f3n de valores.<\/p>\n\n\n\n<p><strong>Pornografia<\/strong><br>Gazteek adin goiztiarretan dituzten harremanak oso toxikoak dira, pornografia lehenbailehen landu beharreko gaia da. Hezkuntza afektibo-sexuala falta da.<br>Bestaldetik, berdintasuna eta aniztasuna nahastea akats bat da. Haurra nahi duen bezala senti daiteke, baina erokeria da emozioak eta arauak bereizten ez jakitea.<br>Feminismoa ez da aniztasuna, gauza desberdinak dira. Agenda feminista aurretik jarri behar da, aniztasunarekin zerikusirik ez duena. Agenda horri erreparatuz gero, ondorengo arazo asko konponduko ditugu.<br>Familietatik egiten dugunari buruz ere hausnartu beharko genuke. Gauza batzuk gelditzeko zailak dira; esaterako, publizitatea. Agian modu osasuntsuan hezteko aukera galdu dugu. Bortxaketak, birjintasuna galtzea 10 urterekin, indibidualismoa, jipoiak&#8230; oso arazo larria dugu.<br>Egia da, hala ere, beste gai batzuez inoiz interesatuta egon ez diren gurasoak, harrapatu egiten dituzula beren semeak pornografia ikusten duela esanez. Mutilak dituzten familiek ez dute bortxatzaileak edo matxistak izatea nahi.<br>Kultura funtsezkoa da, hezkuntzari lotua. Gizartea aldatzeko motorea izan daiteke, balioak transmititzeko duen balioagatik.<\/p>\n\n\n\n<p><strong>Laespada <\/strong>quiso saber qu\u00e9 m\u00e1s se puede hacer desde las instituciones para acabar con la violencia de g\u00e9nero y dejar claro que las relaciones no pasan por la sumisi\u00f3n o la violencia. La candidata explic\u00f3 que, como Administraci\u00f3n, su foco est\u00e1 en poner m\u00e1s recursos en la fase de prevenci\u00f3n.<br>Destac\u00f3 la capacidad de estos encuentros para aportar ideas que permitir\u00e1n trabajar en los pr\u00f3ximos a\u00f1os y cerr\u00f3 su intervenci\u00f3n recordando el momento complicado que vive el feminismo.<br>Hay que seguir y trabajar hacia delante.<\/p>\n\n\n\n<p>Bukatu baino lehen, <strong>Laespada<\/strong>k jakin nahi izan zuen zer gehiago egin dezaketen erakundeek genero-indarkeriarekin amaitzeko. Hautagaiak azaldu zuenez, Administrazioak prebentzio fasean baliabide gehiago jartzean du fokua. Besarkatuz bezalako ekimenetatik ideia eta proposamen asko sortzen dira. Aurrera jarraitu eta lan egiteko momentua da.<\/p>\n\n\n\n<figure class=\"wp-block-image size-large\"><img decoding=\"async\" loading=\"lazy\" width=\"1378\" height=\"775\" src=\"https:\/\/besarkatuz.eus\/wp-content\/uploads\/2023\/05\/WhatsApp-Image-2023-05-18-at-10.00.34-1-edited.jpeg\" alt=\"\" class=\"wp-image-375\" srcset=\"https:\/\/besarkatuz.eus\/wp-content\/uploads\/2023\/05\/WhatsApp-Image-2023-05-18-at-10.00.34-1-edited.jpeg 1378w, https:\/\/besarkatuz.eus\/wp-content\/uploads\/2023\/05\/WhatsApp-Image-2023-05-18-at-10.00.34-1-edited-300x169.jpeg 300w, https:\/\/besarkatuz.eus\/wp-content\/uploads\/2023\/05\/WhatsApp-Image-2023-05-18-at-10.00.34-1-edited-1024x576.jpeg 1024w, https:\/\/besarkatuz.eus\/wp-content\/uploads\/2023\/05\/WhatsApp-Image-2023-05-18-at-10.00.34-1-edited-768x432.jpeg 768w\" sizes=\"(max-width: 1378px) 100vw, 1378px\" \/><\/figure>\n","protected":false},"excerpt":{"rendered":"<p>Bilbao acogi\u00f3 el pasado 8 de mayo un nuevo encuentro Besarkatuz, esta vez con el foco puesto en la igualdad.Maiatzaren 8an ospatu zen Bilbon Besarkatuz azken ihardunaldia, Berdintasuna gai nagusia izanik. Relator\u00eda gr\u00e1fica Dibujos de Josune Urrutia (https:\/\/josunene.com\/). La candidata a diputada general, Teresa Laespada, centr\u00f3 su presentaci\u00f3n en la capacidad de mover las cosas&hellip;&nbsp;<a href=\"https:\/\/besarkatuz.eus\/?page_id=368\" class=\"\" rel=\"bookmark\">Leer m\u00e1s &raquo;<span class=\"screen-reader-text\">BESARKATUZ VI<\/span><\/a><\/p>\n","protected":false},"author":2,"featured_media":0,"parent":7,"menu_order":6,"comment_status":"closed","ping_status":"closed","template":"","meta":{"neve_meta_sidebar":"","neve_meta_container":"","neve_meta_enable_content_width":"","neve_meta_content_width":0,"neve_meta_title_alignment":"","neve_meta_author_avatar":"","neve_post_elements_order":"","neve_meta_disable_header":"","neve_meta_disable_footer":"","neve_meta_disable_title":""},"_links":{"self":[{"href":"https:\/\/besarkatuz.eus\/index.php?rest_route=\/wp\/v2\/pages\/368"}],"collection":[{"href":"https:\/\/besarkatuz.eus\/index.php?rest_route=\/wp\/v2\/pages"}],"about":[{"href":"https:\/\/besarkatuz.eus\/index.php?rest_route=\/wp\/v2\/types\/page"}],"author":[{"embeddable":true,"href":"https:\/\/besarkatuz.eus\/index.php?rest_route=\/wp\/v2\/users\/2"}],"replies":[{"embeddable":true,"href":"https:\/\/besarkatuz.eus\/index.php?rest_route=%2Fwp%2Fv2%2Fcomments&post=368"}],"version-history":[{"count":9,"href":"https:\/\/besarkatuz.eus\/index.php?rest_route=\/wp\/v2\/pages\/368\/revisions"}],"predecessor-version":[{"id":396,"href":"https:\/\/besarkatuz.eus\/index.php?rest_route=\/wp\/v2\/pages\/368\/revisions\/396"}],"up":[{"embeddable":true,"href":"https:\/\/besarkatuz.eus\/index.php?rest_route=\/wp\/v2\/pages\/7"}],"wp:attachment":[{"href":"https:\/\/besarkatuz.eus\/index.php?rest_route=%2Fwp%2Fv2%2Fmedia&parent=368"}],"curies":[{"name":"wp","href":"https:\/\/api.w.org\/{rel}","templated":true}]}}