{"id":299,"date":"2023-05-03T12:57:42","date_gmt":"2023-05-03T12:57:42","guid":{"rendered":"https:\/\/besarkatuz.eus\/?page_id=299"},"modified":"2023-05-12T14:51:03","modified_gmt":"2023-05-12T14:51:03","slug":"besarkatuz-iv","status":"publish","type":"page","link":"https:\/\/besarkatuz.eus\/?page_id=299","title":{"rendered":"BESARKATUZ IV"},"content":{"rendered":"\n<p><strong>El 27 de abril se celebraba en Pedro Arrupe Etxea el cuarto encuentro Besarkatuz, centrado esta vez en los problemas y demandas de la poblaci\u00f3n migrante<\/strong>.<\/p>\n\n\n\n<p><strong>Pedro Arrupe Etxean ospatu zen joanden Apirilak 27 laugarren Besarkatuz topaketa, migratzaileen arazo eta eskakizunetan oinarritua.<\/strong><\/p>\n\n\n\n<figure class=\"is-layout-flex wp-block-gallery-1 wp-block-gallery has-nested-images columns-default is-cropped\">\n<figure class=\"wp-block-image size-large\"><img decoding=\"async\" loading=\"lazy\" width=\"1024\" height=\"334\" data-id=\"300\"  src=\"https:\/\/besarkatuz.eus\/wp-content\/uploads\/2023\/05\/WhatsApp-Image-2023-05-03-at-14.48.18-1024x334.jpeg\" alt=\"\" class=\"wp-image-300\" srcset=\"https:\/\/besarkatuz.eus\/wp-content\/uploads\/2023\/05\/WhatsApp-Image-2023-05-03-at-14.48.18-1024x334.jpeg 1024w, https:\/\/besarkatuz.eus\/wp-content\/uploads\/2023\/05\/WhatsApp-Image-2023-05-03-at-14.48.18-300x98.jpeg 300w, https:\/\/besarkatuz.eus\/wp-content\/uploads\/2023\/05\/WhatsApp-Image-2023-05-03-at-14.48.18-768x250.jpeg 768w, https:\/\/besarkatuz.eus\/wp-content\/uploads\/2023\/05\/WhatsApp-Image-2023-05-03-at-14.48.18-1536x500.jpeg 1536w, https:\/\/besarkatuz.eus\/wp-content\/uploads\/2023\/05\/WhatsApp-Image-2023-05-03-at-14.48.18.jpeg 1599w\" sizes=\"(max-width: 1024px) 100vw, 1024px\" \/><\/figure>\n<\/figure>\n\n\n\n<h2>Relator\u00eda gr\u00e1fica<\/h2>\n\n\n\n<p>Dibujos de Josune Urrutia (<a rel=\"noreferrer noopener\" href=\"https:\/\/josunene.com\/\" target=\"_blank\">https:\/\/josunene.com\/<\/a>).<\/p>\n\n\n\n<figure class=\"wp-block-image size-large\"><img decoding=\"async\" loading=\"lazy\" width=\"1024\" height=\"724\" src=\"https:\/\/besarkatuz.eus\/wp-content\/uploads\/2023\/05\/4-Besarkatuz_01-1024x724.jpg\" alt=\"\" class=\"wp-image-303\" srcset=\"https:\/\/besarkatuz.eus\/wp-content\/uploads\/2023\/05\/4-Besarkatuz_01-1024x724.jpg 1024w, https:\/\/besarkatuz.eus\/wp-content\/uploads\/2023\/05\/4-Besarkatuz_01-300x212.jpg 300w, https:\/\/besarkatuz.eus\/wp-content\/uploads\/2023\/05\/4-Besarkatuz_01-768x543.jpg 768w, https:\/\/besarkatuz.eus\/wp-content\/uploads\/2023\/05\/4-Besarkatuz_01-1536x1086.jpg 1536w, https:\/\/besarkatuz.eus\/wp-content\/uploads\/2023\/05\/4-Besarkatuz_01-2048x1448.jpg 2048w\" sizes=\"(max-width: 1024px) 100vw, 1024px\" \/><\/figure>\n\n\n\n<figure class=\"wp-block-image size-large\"><img decoding=\"async\" loading=\"lazy\" width=\"1024\" height=\"724\" src=\"https:\/\/besarkatuz.eus\/wp-content\/uploads\/2023\/05\/4-Besarkatuz_02-1024x724.jpg\" alt=\"\" class=\"wp-image-304\" srcset=\"https:\/\/besarkatuz.eus\/wp-content\/uploads\/2023\/05\/4-Besarkatuz_02-1024x724.jpg 1024w, https:\/\/besarkatuz.eus\/wp-content\/uploads\/2023\/05\/4-Besarkatuz_02-300x212.jpg 300w, https:\/\/besarkatuz.eus\/wp-content\/uploads\/2023\/05\/4-Besarkatuz_02-768x543.jpg 768w, https:\/\/besarkatuz.eus\/wp-content\/uploads\/2023\/05\/4-Besarkatuz_02-1536x1086.jpg 1536w, https:\/\/besarkatuz.eus\/wp-content\/uploads\/2023\/05\/4-Besarkatuz_02-2048x1448.jpg 2048w\" sizes=\"(max-width: 1024px) 100vw, 1024px\" \/><\/figure>\n\n\n\n<figure class=\"wp-block-image size-large\"><img decoding=\"async\" loading=\"lazy\" width=\"1024\" height=\"724\" src=\"https:\/\/besarkatuz.eus\/wp-content\/uploads\/2023\/05\/4-Besarkatuz_03-1024x724.jpg\" alt=\"\" class=\"wp-image-306\" srcset=\"https:\/\/besarkatuz.eus\/wp-content\/uploads\/2023\/05\/4-Besarkatuz_03-1024x724.jpg 1024w, https:\/\/besarkatuz.eus\/wp-content\/uploads\/2023\/05\/4-Besarkatuz_03-300x212.jpg 300w, https:\/\/besarkatuz.eus\/wp-content\/uploads\/2023\/05\/4-Besarkatuz_03-768x543.jpg 768w, https:\/\/besarkatuz.eus\/wp-content\/uploads\/2023\/05\/4-Besarkatuz_03-1536x1086.jpg 1536w, https:\/\/besarkatuz.eus\/wp-content\/uploads\/2023\/05\/4-Besarkatuz_03-2048x1448.jpg 2048w\" sizes=\"(max-width: 1024px) 100vw, 1024px\" \/><\/figure>\n\n\n\n<figure class=\"wp-block-image size-large\"><img decoding=\"async\" loading=\"lazy\" width=\"1024\" height=\"724\" src=\"https:\/\/besarkatuz.eus\/wp-content\/uploads\/2023\/05\/4-Besarkatuz_04-1024x724.jpg\" alt=\"\" class=\"wp-image-307\" srcset=\"https:\/\/besarkatuz.eus\/wp-content\/uploads\/2023\/05\/4-Besarkatuz_04-1024x724.jpg 1024w, https:\/\/besarkatuz.eus\/wp-content\/uploads\/2023\/05\/4-Besarkatuz_04-300x212.jpg 300w, https:\/\/besarkatuz.eus\/wp-content\/uploads\/2023\/05\/4-Besarkatuz_04-768x543.jpg 768w, https:\/\/besarkatuz.eus\/wp-content\/uploads\/2023\/05\/4-Besarkatuz_04-1536x1086.jpg 1536w, https:\/\/besarkatuz.eus\/wp-content\/uploads\/2023\/05\/4-Besarkatuz_04-2048x1448.jpg 2048w\" sizes=\"(max-width: 1024px) 100vw, 1024px\" \/><\/figure>\n\n\n\n<figure class=\"wp-block-image size-large\"><img decoding=\"async\" loading=\"lazy\" width=\"1024\" height=\"724\" src=\"https:\/\/besarkatuz.eus\/wp-content\/uploads\/2023\/05\/4-Besarkatuz_05-1024x724.jpg\" alt=\"\" class=\"wp-image-308\" srcset=\"https:\/\/besarkatuz.eus\/wp-content\/uploads\/2023\/05\/4-Besarkatuz_05-1024x724.jpg 1024w, https:\/\/besarkatuz.eus\/wp-content\/uploads\/2023\/05\/4-Besarkatuz_05-300x212.jpg 300w, https:\/\/besarkatuz.eus\/wp-content\/uploads\/2023\/05\/4-Besarkatuz_05-768x543.jpg 768w, https:\/\/besarkatuz.eus\/wp-content\/uploads\/2023\/05\/4-Besarkatuz_05-1536x1086.jpg 1536w, https:\/\/besarkatuz.eus\/wp-content\/uploads\/2023\/05\/4-Besarkatuz_05-2048x1448.jpg 2048w\" sizes=\"(max-width: 1024px) 100vw, 1024px\" \/><\/figure>\n\n\n\n<figure class=\"wp-block-image size-large\"><img decoding=\"async\" loading=\"lazy\" width=\"1024\" height=\"724\" src=\"https:\/\/besarkatuz.eus\/wp-content\/uploads\/2023\/05\/4-Besarkatuz_06-1024x724.jpg\" alt=\"\" class=\"wp-image-309\" srcset=\"https:\/\/besarkatuz.eus\/wp-content\/uploads\/2023\/05\/4-Besarkatuz_06-1024x724.jpg 1024w, https:\/\/besarkatuz.eus\/wp-content\/uploads\/2023\/05\/4-Besarkatuz_06-300x212.jpg 300w, https:\/\/besarkatuz.eus\/wp-content\/uploads\/2023\/05\/4-Besarkatuz_06-768x543.jpg 768w, https:\/\/besarkatuz.eus\/wp-content\/uploads\/2023\/05\/4-Besarkatuz_06-1536x1086.jpg 1536w, https:\/\/besarkatuz.eus\/wp-content\/uploads\/2023\/05\/4-Besarkatuz_06-2048x1448.jpg 2048w\" sizes=\"(max-width: 1024px) 100vw, 1024px\" \/><\/figure>\n\n\n\n<figure class=\"wp-block-image size-large\"><img decoding=\"async\" loading=\"lazy\" width=\"1024\" height=\"724\" src=\"https:\/\/besarkatuz.eus\/wp-content\/uploads\/2023\/05\/4-Besarkatuz_07-1024x724.jpg\" alt=\"\" class=\"wp-image-310\" srcset=\"https:\/\/besarkatuz.eus\/wp-content\/uploads\/2023\/05\/4-Besarkatuz_07-1024x724.jpg 1024w, https:\/\/besarkatuz.eus\/wp-content\/uploads\/2023\/05\/4-Besarkatuz_07-300x212.jpg 300w, https:\/\/besarkatuz.eus\/wp-content\/uploads\/2023\/05\/4-Besarkatuz_07-768x543.jpg 768w, https:\/\/besarkatuz.eus\/wp-content\/uploads\/2023\/05\/4-Besarkatuz_07-1536x1086.jpg 1536w, https:\/\/besarkatuz.eus\/wp-content\/uploads\/2023\/05\/4-Besarkatuz_07-2048x1448.jpg 2048w\" sizes=\"(max-width: 1024px) 100vw, 1024px\" \/><\/figure>\n\n\n\n<figure class=\"wp-block-image size-large\"><img decoding=\"async\" loading=\"lazy\" width=\"1024\" height=\"724\" src=\"https:\/\/besarkatuz.eus\/wp-content\/uploads\/2023\/05\/4-Besarkatuz_08-1024x724.jpg\" alt=\"\" class=\"wp-image-311\" srcset=\"https:\/\/besarkatuz.eus\/wp-content\/uploads\/2023\/05\/4-Besarkatuz_08-1024x724.jpg 1024w, https:\/\/besarkatuz.eus\/wp-content\/uploads\/2023\/05\/4-Besarkatuz_08-300x212.jpg 300w, https:\/\/besarkatuz.eus\/wp-content\/uploads\/2023\/05\/4-Besarkatuz_08-768x543.jpg 768w, https:\/\/besarkatuz.eus\/wp-content\/uploads\/2023\/05\/4-Besarkatuz_08-1536x1086.jpg 1536w, https:\/\/besarkatuz.eus\/wp-content\/uploads\/2023\/05\/4-Besarkatuz_08-2048x1448.jpg 2048w\" sizes=\"(max-width: 1024px) 100vw, 1024px\" \/><\/figure>\n\n\n\n<figure class=\"wp-block-image size-large\"><img decoding=\"async\" loading=\"lazy\" width=\"1024\" height=\"724\" src=\"https:\/\/besarkatuz.eus\/wp-content\/uploads\/2023\/05\/4-Besarkatuz_09-1-1024x724.jpg\" alt=\"\" class=\"wp-image-318\" srcset=\"https:\/\/besarkatuz.eus\/wp-content\/uploads\/2023\/05\/4-Besarkatuz_09-1-1024x724.jpg 1024w, https:\/\/besarkatuz.eus\/wp-content\/uploads\/2023\/05\/4-Besarkatuz_09-1-300x212.jpg 300w, https:\/\/besarkatuz.eus\/wp-content\/uploads\/2023\/05\/4-Besarkatuz_09-1-768x543.jpg 768w, https:\/\/besarkatuz.eus\/wp-content\/uploads\/2023\/05\/4-Besarkatuz_09-1-1536x1086.jpg 1536w, https:\/\/besarkatuz.eus\/wp-content\/uploads\/2023\/05\/4-Besarkatuz_09-1-2048x1448.jpg 2048w\" sizes=\"(max-width: 1024px) 100vw, 1024px\" \/><\/figure>\n\n\n\n<p>Ya desde la presentaci\u00f3n, <strong>Teresa Laespada<\/strong> quiso destacar la importancia de este sector de poblaci\u00f3n, que ha pasado de las 26.000 personas en el a\u00f1o 2000 a las m\u00e1s de 200.000 actuales. La candidata remarc\u00f3 el car\u00e1cter de escucha de <strong>Besarkatuz<\/strong> e invit\u00f3 a expresar abiertamente sus demandas de cara a las pr\u00f3ximas elecciones, puntualizando que estas personas tambi\u00e9n son de aqu\u00ed y tienen, por tanto, todos los derechos y todas las obligaciones. <strong>Laespada<\/strong> hizo un recorrido de su trayectoria como diputada de Empleo, Inclusi\u00f3n Social e Igualdad y explic\u00f3 los or\u00edgenes del Partido Socialista Obrero Espa\u00f1ol, una formaci\u00f3n que naci\u00f3 en las minas de hierro de La&nbsp; Arboleda para dar soluci\u00f3n y apoyo a la clase trabajadora. \u201cAhora ven\u00eds de m\u00e1s lejos \u2014continu\u00f3 la candidata\u2014 pero el choque cultural y sociol\u00f3gico en el s. XIX era igual al de ahora. El partido ha ido acomod\u00e1ndose y es obligado volver a nuestros or\u00edgenes y empezar a abrir las puertas a la poblaci\u00f3n migrante\u201d.<\/p>\n\n\n\n<p>Bere buruaren aurkezpenean, <strong>Teresa Laespada<\/strong>k migratzaileak ere hemengoak direla azpimarratu zuen, eskubide eta betebehar guztiekin. PSOEren jatorria azaldu zuen, XIX. mendean Bizkaiara lan egitera etorri ziren langileak defendatzeko sortu zela adieraziz. Ahaldungaiak, sasoi hartan bizi izan zen talka soziologiko eta kulturala eta orain daukagun egoera oso antzekoak direla esan zuen.<\/p>\n\n\n\n<p>Tom\u00f3 la palabra <strong>Miguel \u00c1ngel Puentes<\/strong>, de Candela Radio, para subrayar la importancia de mostrar c\u00f3mo vive y c\u00f3mo se siente la poblaci\u00f3n migrante, de forma que la clase pol\u00edtica pueda transmitirlo donde corresponda y cambiar las normativas. Puentes considera absurdo que haya que esperar tres a\u00f1os para obtener la regularizaci\u00f3n. Hay que pensar c\u00f3mo se mantiene una persona durante todo ese tiempo y eso hace necesario presionar en temas de empadronamiento, alquiler, comida o tr\u00e1mites digitales, porque ellos vienen a trabajar en lo que se han formado y quieren pagar impuestos. Tambi\u00e9n hay que tomar en consideraci\u00f3n a las personas migrantes de primera generaci\u00f3n, mujeres que han trabajado en cuidados y ahora est\u00e1n enfrentando la vejez. Finalmente, est\u00e1 la situaci\u00f3n de la juventud. El 30% de la poblaci\u00f3n joven del Pa\u00eds Vasco son migrantes y eso nos obliga a revisar la pol\u00edtica de inclusi\u00f3n que tenemos con ellos. Es necesario enmarcar toda esta problem\u00e1tica en el \u00e1mbito de la Agenda 2030 y los ODS.<\/p>\n\n\n\n<p><strong>Miguel \u00c1ngel Puentes<\/strong>ek, Candela Radioko komunikatzailea, etorkinak nola sentitzen diren zabaltzea oso garrantzitsua dela adierazi zuen. Legeak aldatu egin behar duela argi utzi nahi izan zuen. Gaur egun hiru urte behar dira erregularizazioa lortzeko, baina paperik gabe nola mantendu dezake bere burua pertsona batek horren epe luzean? Lan egitera etorri dira eta zergak ordaindu nahi dituzte. Momentu honetan Euskadiko gazteriaren %30a migratzaileak dira eta hori ere kontutan hartu behar da gizarte-inklusio politikaren arlotik.<\/p>\n\n\n\n<p>El debate que sigui\u00f3 a las presentaciones estuvo centrado en cinco temas muy relacionados entre s\u00ed:<\/p>\n\n\n\n<p>Bost gai izan ziren nagusi ondorengo eztabaidan:<\/p>\n\n\n\n<p><strong>Situaci\u00f3n legal<\/strong><br>\u00bfPor qu\u00e9 no copiar lo que otros pa\u00edses hacen bien? En Portugal, por ejemplo, si eres migrante te abren un n\u00famero de cuenta y empiezas a cotizar. En un a\u00f1o tienes papeles y eso es fundamental para arrancar, porque quienes reciben la RGI no quieren estar en esa situaci\u00f3n toda la vida, pero sin estar legalizado no puedes acceder a una vivienda. Eso no genera econom\u00eda. Otro caso interesante es el de Italia, donde a cambio de la ayuda contribuyes con otros servicios (por ejemplo, ayudar a personas mayores que no pueden valerse por s\u00ed solas).<br>Los problemas empiezan en el pa\u00eds de origen: en Senegal necesitas un a\u00f1o para obtener cita en la embajada espa\u00f1ola. Es fundamental agilizar las trabas, que son una forma de violencia institucional y generan desigualdad. Los colegios de los barrios terminan convertidos en guetos y la sociedad est\u00e1 cada vez m\u00e1s polarizada. Habr\u00eda que preguntarse tambi\u00e9n por qu\u00e9 todos los obst\u00e1culos se disuelven en cuanto vas a un despacho de abogados o a un locutorio y pagas por los tr\u00e1mites.<br>Otro tema a considerar es el fen\u00f3meno de la segunda inmigraci\u00f3n. Las personas llegan aqu\u00ed para instalarse, forman una familia y despu\u00e9s de 20 a\u00f1os, tiene que emigrar otra vez. Sus hijos son vascos, son espa\u00f1oles, pero se ven obligados a cambiar de pa\u00eds y empezar de cero. Euskadi pierde toda la inversi\u00f3n realizada en formaci\u00f3n. Muchas veces son adolescentes, tienen que aprender el idioma y el fracaso escolar es alto. Eso desintegra la familia, genera abandono escolar, divorcios\u2026 los pol\u00edticos deben analizar qu\u00e9 hacer con este problema y entender que no es el sistema el que ayuda a la poblaci\u00f3n, sino la poblaci\u00f3n la que ayuda al sistema.<\/p>\n\n\n\n<p><strong>Legezko egoera<\/strong><br>Euskadin ere, beste herrialdetan funtzionatzen duena egitea posible izan zitekeen. Portugalen, adibidez, urte beteko epean ematen dituzte paperak. Tartean, kontu korronte bat zabaltzen diote pertsonari eta momentu hartatik zergak ordaintzen hasten da.<br>Hona etortzen den jendeak ez du nahi DSBE bat betirako, legezko hiritarra izan nahi du bertako ekonomia bultzatzeko.<br>Erragularizaziorako jartzen diren oztopoak indarkeria instituzionalaren erakusgarria dira eta desberdintasuna sortzen dute.<br>Bigarren migrazioaren fenomenoa kontutan hartu behar da ere bai. Duela 20 urte Euskadira etorri ziren pertsona batzuk familiak sortu dituzte, haien seme-alabak hemen jaioak dira, baina aurrera egiteko baldintza larriak direla eta, orain beste herrialde batera joan behar dute. Nerabeek egoera horren ondorioak sufritzen dituzte, hizkuntza berri bat ikasi behar, zerotik hasita\u2026 beraiengan egindako inbertsio osoa galdu egiten da. Politikoek arazo hau nola konpondu aztertu beharko lukete. Ez da sistema biztanleria laguntzen duena, biztanleriak sistema laguntzen duena baizik.<\/p>\n\n\n\n<p><strong>Vivienda<\/strong><br>Salir de la ilegalidad es muy motivador en todos los sentidos. Sin embargo, convivimos con un racismo inmobiliario enorme, al que se suma la poca vivienda disponible. Es necesario analizar c\u00f3mo se puede cambiar esta situaci\u00f3n.<br>Tambi\u00e9n nos enfrentamos a casos de agresiones sexuales, violaciones familiares, etc., personas a las que no se les da asistencia social si no est\u00e1n empadronadas, pero no se pueden empadronar en ning\u00fan lado porque no tienen d\u00f3nde vivir\u2026 Sabemos que son problemas que se arrastran desde hace a\u00f1os y que no se van a solucionar a corto plazo, pero habr\u00e1 que buscar una salida.<\/p>\n\n\n\n<p><strong>Etxebizitza<\/strong><br>\u201cHigiezinen arrazakeria\u201d ikaragarrian murgilduta gaude. Horri etxebizitza erabilgarriren eza gehitu behar zaio. Nola aldatu dezakegu egoera hau?<\/p>\n\n\n\n<p><strong>Laespada<\/strong> admiti\u00f3 que la vivienda sigue siendo un problema complejo, que no se va a resolver con esta ley reci\u00e9n aprobada, porque se ha convertido en un valor de ahorro y capital. En Euskadi hay 60.000 personas en lista de espera. Se est\u00e1n haciendo esfuerzos desde el Gobierno para topar los precios y en los pr\u00f3ximos meses iremos viendo qu\u00e9 pasa. Reconoci\u00f3 que existe un racismo clar\u00edsimo en este tema, que se manifiesta incluso cuando una instituci\u00f3n p\u00fablica quiere hacerse con pisos para ofrecer sus servicios.<\/p>\n\n\n\n<p><strong>Laespadak <\/strong>arazo larri eta konplexua dela onartu zuen. Momentu honetan Euskadin 60.000 pertsona daude itxaron- zerrendan etxebizitza bat lortzeko. Gobernutik ahalegin handiak egiten ari dira eta datozen hilabetetan emaitzak ikusiko ditugu.<\/p>\n\n\n\n<p><strong>Inclusi\u00f3n<\/strong><br>Es cierto que las personas migrantes deben acoplarse a la sociedad que les acoge, pero necesitan lugares en los que sentirse&nbsp;acogidos, porque cuando llegan sufren una soledad total. Las asociaciones, siendo importantes, terminan trabajando solo con la poblaci\u00f3n migrante.<br>Deber\u00edamos hablar de inclusi\u00f3n, no de integraci\u00f3n, y hacerlo desde desde los derechos humanos, buscando la equidad. Las personas no somos iguales, somos diversas y ah\u00ed est\u00e1 nuestra riqueza.<br>Creemos que la interculturalidad consiste en traer a personas de distintos pa\u00edses para que cuenten su experiencia y no es as\u00ed, hay que darle otro enfoque. Es necesario que los ni\u00f1os se sientan identificados con el lugar donde viven. En las aulas se ense\u00f1a, por ejemplo, que los espa\u00f1oles han descubierto no s\u00e9 qu\u00e9 continente, como si antes de su llegada no existiera. Eso afecta a los ni\u00f1os de esos pa\u00edses que est\u00e1n escuchando.<br>Adicionalmente, es muy importante tambi\u00e9n dar visibilidad a toda esa gente que, a trav\u00e9s del autoempleo, est\u00e1 poniendo en marcha experiencias muy bonitas y que, sin embargo, son invisibles para la sociedad.<br>Otro aspecto para la reflexi\u00f3n es que habr\u00eda que escuchar a las personas migradas a lo largo de todo el a\u00f1o, no solo en periodo electoral. Los cambios tambi\u00e9n pueden llegar si este sector de poblaci\u00f3n empieza a formar parte de los organismos pol\u00edticos. Cabr\u00eda preguntarse por qu\u00e9 no est\u00e1n en las estructuras pol\u00edticas, especialmente las segundas generaciones.<\/p>\n\n\n\n<p><strong>Gizarte-inklusioa<\/strong><br>Migratzaileek harrera egiten dien gizartera egokitu behar dute, baina integratuta sentitzeko lekuak behar dituzte ere, iristen direnean erabateko bakardadea jasaten baitute.<br>Gizarte-inklusioa giza eskubideen eskutik dator. Pertsonak ez gara berdinak, anitzak baizik. Bertan datza gure aberastasuna.<br>Urte osoan zehar entzun beharko litzaieke migratuei, ez bakarrik hauteskunde-garaian. Biztanleriaren sektore hau erakunde politikoetan sartzen hasten bada, aldaketak gerta daitezke. Gure buruari galdetu beharko genioke zergatik ez dauden migratzaileak egitura politikoetan, bigarren belaunaldikoak batez ere.<\/p>\n\n\n\n<p>A este respecto, <strong>Laespada<\/strong> se\u00f1al\u00f3 que hay un senegal\u00e9s en el Congreso de los Diputados y est\u00e1 en la Ejecutiva. Reconoci\u00f3 que no es f\u00e1cil romper inercias de a\u00f1os, pero insisti\u00f3 en que los migrantes tienen las puertas abiertas para acercarse y contar todo aquello que necesiten. A\u00f1adi\u00f3 que ahora mismo hay gente migrante en las candidaturas y que todav\u00eda cuesta porque el porcentaje de poblaci\u00f3n migrante es peque\u00f1o (11,5%). La candidata subray\u00f3 que las cosas se cambian desde la pol\u00edtica. Las feministas han conseguido cambios a partir de su entrada en las estructuras de los partidos, pero ha sido a base de pelear. En este sentido, lanz\u00f3 un mensaje directo a los asistentes: \u201cTen\u00e9is que entrar y estar, ten\u00e9is que pelearlo\u201d y alert\u00f3 del problema que representan los 52 esca\u00f1os de Vox, sumados a un PP que se escora hacia la derecha. Hay que entender que Europa tambi\u00e9n condiciona, presionada por la ultraderecha.<\/p>\n\n\n\n<p>Honi dagokionez, haien beharrak edota kezkak adierazi ahal izateko ateak zabalik dauzkatela beti gogorarazi nahi izan zien <strong>Laespada<\/strong>k. Era berean, gauzak aldatzeko borroka egin behar dutela esan zien eta emakumeek borrokaren bidez lortutako guztia mahaiaren gainean jarri zuen adibide gisa. Vox alderdiaren 52 eserlekuek eta eskuinerantz okertzen den PPk suposatzen duten arazoaz ohartarazi zuen Ahaldungaiak.<\/p>\n\n\n\n<p><strong>Homologaci\u00f3n de titulaciones<\/strong><br>Se trata de otro tr\u00e1mite que no resulta nada f\u00e1cil. En ocasiones hay que repetir carreras enteras. Al final la gente termina haciendo trabajos menos cualificados y un alto porcentaje desiste, porque los a\u00f1os pasan sin haber conseguido la regularizaci\u00f3n. Eso no solo afecta a la autoestima de quienes est\u00e1n en esa situaci\u00f3n y a sus posibilidades de aportar, sino tambi\u00e9n a la percepci\u00f3n social. El hecho de ver a personas de otras razas desempe\u00f1ando cualquier tipo de trabajo contribuir\u00eda a reducir el miedo.<br>Por otra parte, la econom\u00eda del Pa\u00eds Vasco solo funciona si tiene quien la alimente. La tasa de natalidad en Euskadi es baj\u00edsima y los propios empresarios detectan el problema. La mirada va hacia el migrante, pero \u00e9ste no puede homologar su t\u00edtulo, con lo que no va a encajar en esos puestos que quedan vacantes. Hay que resolver esto.<br>Desde Diputaci\u00f3n se ha dado valor al empleo y se han puesto en marcha los procesos de recualificaci\u00f3n necesarios para readaptar los CV a las demandas del mundo laboral. Con todo, la homologaci\u00f3n de t\u00edtulos es compleja porque la burocracia espa\u00f1ola es compleja y, de nuevo, Europa condiciona a trav\u00e9s de los est\u00e1ndares del pacto de Bolonia.<\/p>\n\n\n\n<p><strong>Ikastagirien homologazioa<\/strong><br>Ikasketak homologatzea ez da batere erraza eta batzutan jatorrizko herrialdetan ikasitako guztia errepikatu egin behar da. Horren ondorioz, pertsona askok kualifikazio gutxiago eskatzen dituzten lanak egiten dituzte.<br>Honek eragina zuzena du gizartearen pertzepzioan. Beste arrazetako pertsonak mota guztietako lanak egiten ikusteak beldurra gutxitzen lagunduko luke.<br>Beste alde batetik, Euskadiko ekonomiak migratzaileen laguntza behar du, jaiotze-tasa oso baxua baita, baina etorkinek ezin izango dituzte lanpostu espezializatuak bete haien ikasketak homologatzeko aukera ematen ez bazaie.<br>Aldundiak abian jarri ditu CVak lan-munduko eskaeretara egokitzeko beharrezkoak diren birkualifikazio-prozesuak. Hala ere, Espainiako burokrazia konplexua da eta Europak Boloniako itunaren estandarren bidez prozesu hau baldintzatzen du.<\/p>\n\n\n\n<p><strong>MENAs<\/strong><br>Si nos ponemos en la piel de esos menores \u00bfqui\u00e9n es la v\u00edctima? Se les rechaza constantemente desde todos los sitios y cuando llegan a los 18 a\u00f1os se van a la calle. Despu\u00e9s de todos los esfuerzos institucionales, esa salida es un fracaso total. En B\u00e9lgica o Francia hay modelos de acogida en casas, acompa\u00f1ados por las instituciones. Esos ni\u00f1os necesitan n\u00facleos peque\u00f1os, con referentes. Hay que acogerlos en espacios peque\u00f1os, m\u00e1s parecidos a familias. Cuando se sienten parte de la sociedad se transforman y tiran para delante. Es cierto que, pasados los a\u00f1os, algunos necesitan tratamiento psicol\u00f3gico, pero muchos salen. Hay que seguir trabajando en ello y entender que son ni\u00f1os no acompa\u00f1ados.<br>El programa de Estrategia Joven de la diputaci\u00f3n les da oportunidades y ese apoyo desde las instituciones es muy positivo, favorece al proceso de inclusi\u00f3n.<\/p>\n\n\n\n<p><strong>Adingabeak<\/strong><br>Inoren kargura ez dauden adingabeen lekuan une batez jarriko bagina, nor izango zen benetako biktima? Leku guztietan baztertzen dituzte etengabe eta 18 urtera iristen direnean kalean geratzen dira.<br>Belgikan edo Frantzian etxeetan hartzeko ereduak badaude, erakundeek lagunduta. Haur horiek nukleo txikiak behar dituzte, familien antza duten espazio txikietan hartuak izan behar dira, gizartearen partaide direla sentitzen dutenean aurrera egiten dutelako.<br>Azken finean, haurrak baino ez direla ulertu behar da eta erakundeetatik haien baldintzak hobetzeko lan egiten jarraitu egin behar da. Aldundiko Gazte Estrategia programak aukera asko ematen dizkie. Horrek gizarteratzea errazten du.<\/p>\n\n\n\n<p>Respecto a este tema, <strong>Laespada <\/strong>quiso destacar los logros conseguidos con el programa GazteOn gracias al cual el 90% de los primeros j\u00f3venes que empezaron est\u00e1n trabajando. Se han llevado a cabo ya tres ediciones con 120 personas en cada una de ellas. En este tipo de casos las instituciones ejercen el papel de progenitores y tienen que protegerles, entendiendo que efectivamente son ni\u00f1os. La candidata hizo hincapi\u00e9 en la necesidad de evitar que estos menores acumulen da\u00f1os, porque la delincuencia viene dada por un c\u00famulo enorme de da\u00f1os en una sola persona. Es necesario buscar la v\u00eda para que quienes han pasado por este programa y ya est\u00e1n trabajando tengan visibilidad y se conviertan en referente.<\/p>\n\n\n\n<p><strong>Laespada<\/strong>k Gazteon programarekin lortutako lorpenak nabarmendu nahi izan zituen. Horri esker, hasi ziren gazteen % 90a lanean ari da gaur egun. Dagoeneko hiru edizio egin dira, 120 pertsonarekin. Interesgarria litzateke ere programa honetatik pasatu eta gaur egun lanean ari direnei ikusgarritasuna ematea, erreferente bihur daitezen.<\/p>\n\n\n\n<p>En su intervenci\u00f3n de cierre, <strong>Laespada<\/strong> hizo un repaso a todo el trabajo llevado a cabo a lo largo de los a\u00f1os. Quiso dejar claro que la mirada desde su Departamento siempre ha pretendido hacer ver la Bizkaia que nadie quiere ver, para que el dinero llegue a quien tiene que llegar. Su tarea desde el principio ha sido trabajar con las personas. Esto supuso un cambio importante, porque se pas\u00f3 de dar dinero a las empresas para que contrataran, a invertirlo en formar a las personas y posibilitar su contrataci\u00f3n. En el a\u00f1o 2019 se puso en marcha \u201cEstrategia Joven\u201d y ya han pasado por el programa 1.900 chavales, acompa\u00f1ados de Diputaci\u00f3n hasta que se consigue que vuelen solos, algo que para la candidata es motivo de orgullo.<br>Respecto al tema de Igualdad, se ha dado la vuelta a los presupuestos y se ha logrado mostrar la diversidad. Actualmente se destinan 3 millones de euros para trabajo, sensibiizaci\u00f3n, etc. Su departamento ha conseguido tambi\u00e9n que toda la Diputaci\u00f3n realice sus presupuestos con mirada de g\u00e9nero y hoy en d\u00eda es posible saber cu\u00e1nto se destina a mujeres y cu\u00e1nto a hombres, departamento por departamento. En cooperaci\u00f3n se ha pasado del 0,35 al 0,59. Es una partida que siempre tiene incremento y el objetivo es alcanzar el 0,7.<\/p>\n\n\n\n<p><strong>Laespada<\/strong> finaliz\u00f3 su intervenci\u00f3n destacando el enorme esfuerzo en el \u00e1mbito del empleo a trav\u00e9s de pol\u00edticas activas, tanto para j\u00f3venes como para mayores de 45 a\u00f1os. A\u00f1adi\u00f3 que de aqu\u00ed a 25 a\u00f1os hay que dar la vuelta a la sociedad, ya que en 10 a\u00f1os salen del sistema de SS medio mill\u00f3n de personas en Euskadi. Las medidas van a venir por la v\u00eda de los hechos. En ese pacto intergeneracional, la poblaci\u00f3n migrante aportar\u00e1 especialmente en la parte joven de la pir\u00e1mide y hay que conseguir que la sociedad lo entienda as\u00ed. Para ello ser\u00e1 fundamental estructurar un sistema educativo que consiga romper barreras, un sistema plenamente inclusivo y no segregador.<br>Ekitaldia bukatzeko, Ahaldungaiak urtetan zehar egindako lana birpasatu zuen. Bere aldetik saiatu da beti inork ikusi nahi ez duen Bizkaia ikusarazten. Zentzu honetan, hasiera-hasieratik, pertsonekin lan egin du. Horrek aldaketa handia ekarri zuen, enpresei kontratuak egin ditzaten dirua eman ordez, pertsonak prestatzeko eta haien kontratazioa ahalbidetzeko inbertitu da.<\/p>\n\n\n\n<p><strong>Laespada<\/strong>ren sailak lortu du, halaber, Aldundi osoak aurrekontuak genero-ikuspegiarekin egitea eta gaur egun zenbat bideratzen den emakumeentzako eta zenbat gizonentzako jakin daiteke.<br>Lankidetzan 0,35etik 0,59ra igaro da. Partida horrek beti du igoera, eta helburua 0,7ra iristea da.<br>Amaitzeko, bai gazteentzako bai 45 urtetik gorakoentzako enpleguaren esparruan egindako ahalegina azpimarratu zuen.<br>Euskadin, datozen hamar urtetan milioi erdi pertsona Gizarte Segurantzako sistematik aterako direla azaldu zuen <strong>Laespada<\/strong>k. Ezinbestekoa den belaunaldien arteko itunan, migratzaileen ekarpena funtsezkoa izango da eta gizarteak horrela ulertzea lortu behar dugu. Horretarako, oztopoak hausten dituen hezkuntza-sistema egituratzeko gai izan beharko dugu.<\/p>\n\n\n\n<figure class=\"wp-block-image size-large is-resized\"><img decoding=\"async\" loading=\"lazy\" src=\"https:\/\/besarkatuz.eus\/wp-content\/uploads\/2023\/05\/WhatsApp-Image-2023-05-03-at-14.48.17-1024x576.jpeg\" alt=\"\" class=\"wp-image-315\" width=\"1168\" height=\"657\" srcset=\"https:\/\/besarkatuz.eus\/wp-content\/uploads\/2023\/05\/WhatsApp-Image-2023-05-03-at-14.48.17-1024x576.jpeg 1024w, https:\/\/besarkatuz.eus\/wp-content\/uploads\/2023\/05\/WhatsApp-Image-2023-05-03-at-14.48.17-300x169.jpeg 300w, https:\/\/besarkatuz.eus\/wp-content\/uploads\/2023\/05\/WhatsApp-Image-2023-05-03-at-14.48.17-768x432.jpeg 768w, https:\/\/besarkatuz.eus\/wp-content\/uploads\/2023\/05\/WhatsApp-Image-2023-05-03-at-14.48.17-1536x864.jpeg 1536w, https:\/\/besarkatuz.eus\/wp-content\/uploads\/2023\/05\/WhatsApp-Image-2023-05-03-at-14.48.17.jpeg 1600w\" sizes=\"(max-width: 1168px) 100vw, 1168px\" \/><\/figure>\n","protected":false},"excerpt":{"rendered":"<p>El 27 de abril se celebraba en Pedro Arrupe Etxea el cuarto encuentro Besarkatuz, centrado esta vez en los problemas y demandas de la poblaci\u00f3n migrante. Pedro Arrupe Etxean ospatu zen joanden Apirilak 27 laugarren Besarkatuz topaketa, migratzaileen arazo eta eskakizunetan oinarritua. Relator\u00eda gr\u00e1fica Dibujos de Josune Urrutia (https:\/\/josunene.com\/). Ya desde la presentaci\u00f3n, Teresa Laespada&hellip;&nbsp;<a href=\"https:\/\/besarkatuz.eus\/?page_id=299\" class=\"\" rel=\"bookmark\">Leer m\u00e1s &raquo;<span class=\"screen-reader-text\">BESARKATUZ IV<\/span><\/a><\/p>\n","protected":false},"author":2,"featured_media":0,"parent":7,"menu_order":4,"comment_status":"closed","ping_status":"closed","template":"","meta":{"neve_meta_sidebar":"","neve_meta_container":"","neve_meta_enable_content_width":"","neve_meta_content_width":0,"neve_meta_title_alignment":"","neve_meta_author_avatar":"","neve_post_elements_order":"","neve_meta_disable_header":"","neve_meta_disable_footer":"","neve_meta_disable_title":""},"_links":{"self":[{"href":"https:\/\/besarkatuz.eus\/index.php?rest_route=\/wp\/v2\/pages\/299"}],"collection":[{"href":"https:\/\/besarkatuz.eus\/index.php?rest_route=\/wp\/v2\/pages"}],"about":[{"href":"https:\/\/besarkatuz.eus\/index.php?rest_route=\/wp\/v2\/types\/page"}],"author":[{"embeddable":true,"href":"https:\/\/besarkatuz.eus\/index.php?rest_route=\/wp\/v2\/users\/2"}],"replies":[{"embeddable":true,"href":"https:\/\/besarkatuz.eus\/index.php?rest_route=%2Fwp%2Fv2%2Fcomments&post=299"}],"version-history":[{"count":15,"href":"https:\/\/besarkatuz.eus\/index.php?rest_route=\/wp\/v2\/pages\/299\/revisions"}],"predecessor-version":[{"id":332,"href":"https:\/\/besarkatuz.eus\/index.php?rest_route=\/wp\/v2\/pages\/299\/revisions\/332"}],"up":[{"embeddable":true,"href":"https:\/\/besarkatuz.eus\/index.php?rest_route=\/wp\/v2\/pages\/7"}],"wp:attachment":[{"href":"https:\/\/besarkatuz.eus\/index.php?rest_route=%2Fwp%2Fv2%2Fmedia&parent=299"}],"curies":[{"name":"wp","href":"https:\/\/api.w.org\/{rel}","templated":true}]}}