{"id":261,"date":"2023-05-01T17:33:45","date_gmt":"2023-05-01T17:33:45","guid":{"rendered":"https:\/\/besarkatuz.eus\/?page_id=261"},"modified":"2023-05-01T17:40:52","modified_gmt":"2023-05-01T17:40:52","slug":"servicios-sociales","status":"publish","type":"page","link":"https:\/\/besarkatuz.eus\/?page_id=261","title":{"rendered":"Servicios sociales"},"content":{"rendered":"\n<p>Vamos a revisar los servicios sociales en respuesta al importante <strong>desaf\u00edo demogr\u00e1fico<\/strong> al que nos enfrentamos. Siempre en clave de inclusi\u00f3n y cohesi\u00f3n social.<\/p>\n\n\n\n<p>Y todo esto nos lleva al <strong>modelo de cuidados<\/strong>. Las y los socialistas queremos avanzar hacia una Euskadi Cuidadora, que acompa\u00f1a. Acompa\u00f1ar a las personas, a cada una, en sus distintos procesos vitales. Es una competencia fundamental en Diputaci\u00f3n y debe abordarse en su integridad. Y esta nueva realidad exige nuevas miradas, nuevos enfoques. Para dar respuestas que garanticen una transici\u00f3n social y demogr\u00e1fica justas. Aprovechando el conocimiento adquirido en a\u00f1os de liderazgo socialista en las pol\u00edticas p\u00fablicas.<\/p>\n\n\n\n<p>Apostando, tambi\u00e9n en este \u00e1mbito, por la innovaci\u00f3n social y ciudadana para responder a esta sociedad cada vez m\u00e1s compleja. Que produce nuevas expresiones de vulnerabilidad y exclusi\u00f3n social como el aislamiento y la soledad no deseada. Abordar esa soledad no deseada resulta imprescindible. Por ello, pondremos en marcha una <strong>direcci\u00f3n general de atenci\u00f3n a la soledad<\/strong>, una estrategia integral que coloque a los cuidados en el centro de la vida.<\/p>\n\n\n\n<p>En definitiva, los Servicios Sociales, comunitarios y de proximidad, son esenciales para prevenir y reparar los riesgos sociales. En el \u00e1rea de inclusi\u00f3n social que me corresponde, lo estamos haciendo. Con programas que conjugan prevenci\u00f3n, proactividad y comunidad. Y de ah\u00ed nuestra apuesta por <strong>Gizakidetza<\/strong>, que dar\u00eda cuerpo al conjunto de los Servicios Sociales vascos, en di\u00e1logo con el Sistema de Salud y el sistema educativo, integrando en un solo sistema la atenci\u00f3n primaria y secundaria de servicios sociales para dar respuestas integradas e innovadoras a las crecientes necesidades.<\/p>\n\n\n\n<p>Ha de ser el instrumento institucional capaz de articular cuidados, atenciones y apoyos especializados en las situaciones de mayor complejidad y gravedad. Poniendo a la persona, sus necesidades y sus voluntades, en el centro. Un sistema fuerte, protector, pero desde la <strong>autonom\u00eda de cada persona<\/strong>. Y lo queremos hacer con el tercer sector social como principal aliado de las pol\u00edticas p\u00fablicas.<\/p>\n\n\n\n<figure class=\"wp-block-embed is-type-video is-provider-youtube wp-block-embed-youtube wp-embed-aspect-16-9 wp-has-aspect-ratio\"><div class=\"wp-block-embed__wrapper\">\n<div class=\"nv-iframe-embed\"><iframe loading=\"lazy\" title=\"Teresa Laespada. xBizkaia. Servicios sociales\" width=\"1200\" height=\"675\" src=\"https:\/\/www.youtube.com\/embed\/IPFnJBV3HpE?feature=oembed\" frameborder=\"0\" allow=\"accelerometer; autoplay; clipboard-write; encrypted-media; gyroscope; picture-in-picture; web-share\" allowfullscreen><\/iframe><\/div>\n<\/div><\/figure>\n","protected":false},"excerpt":{"rendered":"<p>Vamos a revisar los servicios sociales en respuesta al importante desaf\u00edo demogr\u00e1fico al que nos enfrentamos. Siempre en clave de inclusi\u00f3n y cohesi\u00f3n social. Y todo esto nos lleva al modelo de cuidados. Las y los socialistas queremos avanzar hacia una Euskadi Cuidadora, que acompa\u00f1a. Acompa\u00f1ar a las personas, a cada una, en sus distintos&hellip;&nbsp;<a href=\"https:\/\/besarkatuz.eus\/?page_id=261\" class=\"\" rel=\"bookmark\">Leer m\u00e1s &raquo;<span class=\"screen-reader-text\">Servicios sociales<\/span><\/a><\/p>\n","protected":false},"author":2,"featured_media":0,"parent":230,"menu_order":6,"comment_status":"closed","ping_status":"closed","template":"","meta":{"neve_meta_sidebar":"","neve_meta_container":"","neve_meta_enable_content_width":"","neve_meta_content_width":0,"neve_meta_title_alignment":"","neve_meta_author_avatar":"","neve_post_elements_order":"","neve_meta_disable_header":"","neve_meta_disable_footer":"","neve_meta_disable_title":""},"_links":{"self":[{"href":"https:\/\/besarkatuz.eus\/index.php?rest_route=\/wp\/v2\/pages\/261"}],"collection":[{"href":"https:\/\/besarkatuz.eus\/index.php?rest_route=\/wp\/v2\/pages"}],"about":[{"href":"https:\/\/besarkatuz.eus\/index.php?rest_route=\/wp\/v2\/types\/page"}],"author":[{"embeddable":true,"href":"https:\/\/besarkatuz.eus\/index.php?rest_route=\/wp\/v2\/users\/2"}],"replies":[{"embeddable":true,"href":"https:\/\/besarkatuz.eus\/index.php?rest_route=%2Fwp%2Fv2%2Fcomments&post=261"}],"version-history":[{"count":3,"href":"https:\/\/besarkatuz.eus\/index.php?rest_route=\/wp\/v2\/pages\/261\/revisions"}],"predecessor-version":[{"id":265,"href":"https:\/\/besarkatuz.eus\/index.php?rest_route=\/wp\/v2\/pages\/261\/revisions\/265"}],"up":[{"embeddable":true,"href":"https:\/\/besarkatuz.eus\/index.php?rest_route=\/wp\/v2\/pages\/230"}],"wp:attachment":[{"href":"https:\/\/besarkatuz.eus\/index.php?rest_route=%2Fwp%2Fv2%2Fmedia&parent=261"}],"curies":[{"name":"wp","href":"https:\/\/api.w.org\/{rel}","templated":true}]}}